{"id":1172,"date":"2012-01-26T05:30:53","date_gmt":"2012-01-26T05:30:53","guid":{"rendered":"http:\/\/vidaindependientemexico.com\/?page_id=1172"},"modified":"2016-04-21T20:06:09","modified_gmt":"2016-04-21T20:06:09","slug":"testimonios-2","status":"publish","type":"page","link":"http:\/\/vidaindependientemexico.com\/?page_id=1172","title":{"rendered":"Testimonios"},"content":{"rendered":"<div>\n<h4 style=\"text-align: center;\">&#8220;CURSO 170 BUCER\u00cdAS&#8221;<\/h4>\n<p>Ser independiente, gran palabra f\u00e1cil de escribir pero dif\u00edcil de hacer. Al iniciar el curso entend\u00ed que mi hija no necesita m\u00e1s que el empuj\u00f3n a su vida. El argumento del instructor me hizo entender que puede estar sola. Las actividades que se realizaron fueron interesantes. Para empezar, me agrad\u00f3 la separaci\u00f3n de padres e hijos y que los grupos fueran dependiendo su nivel de conocimiento. Me agrad\u00f3 el trato desde el inicio, la organizaci\u00f3n y el enfoque que dan.\u00a0Gracias a este curso mi hija se incluy\u00f3, aprendi\u00f3 un poco m\u00e1s a frenar, subir rampas y los dos puntos.<\/p>\n<p><strong>\u00a0 \u00a0 \u00a0 \u00a0 \u00a0 \u00a0 \u00a0 Mitzi Citlalli Cardenas Guevara<\/strong><\/p>\n<div id=\"yui_3_7_2_1_1394994998878_2489\">\n<p>Es una experiencia irrepetible e incomparable. Nos llevamos muchas experiencias y aprendizajes. Aprendimos que cuando quieres algo t\u00fa puedes, que la discapacidades s\u00f3lo es una condici\u00f3n de vida y sobretodo que aun hay gente noble y buena que te ayuda y apoya cuando m\u00e1s lo necesitas sin pedir nada a cambio.\u00a0En experiencia propia podr\u00eda decir que Aranza avanz\u00f3 much\u00edsimo. Comenzamos pr\u00e1cticamente de cero y su evoluci\u00f3n fue sorprendente, aprendi\u00f3 a andar en dos puntos, subir y bajar rampas y escalones y cada logro era grandioso, su felicidad se notaba a la distancia.<\/p>\n<p><strong>\u00a0 \u00a0 \u00a0 \u00a0 \u00a0 \u00a0 \u00a0 Isela Portillo Gonz\u00e1lez<\/strong><\/p>\n<\/div>\n<h4 style=\"text-align: center;\">&#8220;CURSO 169 TLALNEPANTLA&#8221;<\/h4>\n<p>Aprend\u00ed mucho y tratar\u00e9 de llevar a cabo todas las t\u00e9cnicas aprendidas. Mi vida cambi\u00f3 para bien y es m\u00e1s f\u00e1cil recorrer distancias. Nuevamente gracias a todos.<\/p>\n<p><strong>\u00a0 \u00a0 \u00a0 \u00a0 \u00a0 \u00a0 \u00a0\u00a0Gumercinda Ontiveros Luna<\/strong><\/p>\n<div id=\"yui_3_7_2_1_1394994998878_2489\">\n<p>Excelente din\u00e1mica grupal, gran realizaci\u00f3n y coordinaci\u00f3n de los instructores, much\u00edsimo apoyo a los participantes y la verdad este curso da una grandiosa ense\u00f1anza de vida, experiencias muy positivas y que dejan huella en nuestra vida desarroll\u00e1ndonos m\u00e1s para independizarnos de nuestras familias cada vez m\u00e1s.<\/p>\n<p><strong>\u00a0 \u00a0 \u00a0 \u00a0 \u00a0 \u00a0 \u00a0 Jos\u00e9 De Jes\u00fas Gayt\u00e1n Berriel<\/strong><\/p>\n<\/div>\n<h4 style=\"text-align: center;\">&#8220;CURSO 167 MAZATL\u00c1N&#8221;<\/h4>\n<p>Es una experiencia muy enriquecedora para mi hijo de 4 a\u00f1os ya que con estos cursos aprende a hacer muchas cosas en varios aspectos de su vida, no s\u00f3lo es manejo de silla sino tambi\u00e9n en su superaci\u00f3n personal. Aprendimos c\u00f3mo hacerse cargo de \u00e9l\u00a0mismo y tambi\u00e9n en lo que tiene que ver con la salud. Yo veo que \u00e9l disfruta mucho estar en un entorno en el que ve que la mayor\u00eda son igual a \u00e9l y usan silla de ruedas. Nuestra meta es que lo que aprendi\u00f3 lo siga llevando a cabo y logre la independencia.<\/p>\n<p><strong>\u00a0 \u00a0 \u00a0 \u00a0 \u00a0 \u00a0 \u00a0 Eva L\u00f3pez Venosa<\/strong><\/p>\n<div id=\"yui_3_7_2_1_1394994998878_2489\">\n<p>Siendo mi segundo curso felicito a quienes organizan dicho curso ya que en el primero no sent\u00ed mucha organizaci\u00f3n y en este segundo sent\u00ed que van tomando en cuenta muchas otras cosas.\u00a0Agradezco a los instructores as\u00ed como al enfermero y a todos los que componen este equipo, ya que se ve que se est\u00e1n preparando y actualizando d\u00eda a\u00a0 d\u00eda. GRACIAS!!<\/p>\n<p><strong>\u00a0 \u00a0 \u00a0 \u00a0 \u00a0 \u00a0 \u00a0\u00a0Elisua Balderas Cruz<\/strong><\/p>\n<\/div>\n<h4 style=\"text-align: center;\">&#8220;CURSO 166 CULIAC\u00c1N&#8221;<\/h4>\n<p>Es un curso donde no solo te ense\u00f1an formas o t\u00e1cticas para hacer las actividades m\u00e1s f\u00e1ciles, sino que te ense\u00f1an a vivir de una manera plena, te ense\u00f1an a afrontar situaciones que cotidianamente no las hac\u00edamos por temor a un golpe o un esfuerzo mayor al acostumbrado.\u00a0Nos ayuda a cambiar la mentalidad, a no decir &#8220;no puedo&#8221; sino que nos dan herramientas para superarlo.<\/p>\n<p><strong>\u00a0 \u00a0 \u00a0 \u00a0 \u00a0 \u00a0 \u00a0Mart\u00edn Ernesto Arredondo Castro<\/strong><\/p>\n<div id=\"yui_3_7_2_1_1394994998878_2489\">\n<p>La verdad cuando llegue al curso vida independiente ten\u00eda muchos temores de no saber qu\u00e9 hacer con mi problema, y gracias a todos los instructores del curso he podido superar esos miedos. Aprend\u00ed a usar mi silla para poder salir a las calles y demostrar que no somos diferentes, que podemos hacer lo mismo que cualquier otra persona parada.<\/p>\n<p><strong>\u00a0 \u00a0 \u00a0 \u00a0 \u00a0 \u00a0 \u00a0\u00a0Cristian Alfredo Agust\u00edn Acever<\/strong><\/p>\n<\/div>\n<h4 style=\"text-align: center;\">&#8220;CURSO 165 IXTAPA&#8221;<\/h4>\n<p>Despu\u00e9s de 3 a\u00f1os haber salido por primera vez de la ciudad solo fue una experiencia muy importante. Saber y descubrir que puedo hacer muchas cosas que por miedo no intentaba y darme cuenta que tambi\u00e9n necesito luchar para lograr lo mucho que me falta. Me regresaron las ganas de vivir.<\/p>\n<p>. \u00a0 \u00a0 \u00a0 \u00a0 \u00a0 \u00a0 \u00a0<strong> Alfredo Andr\u00e9s Hern\u00e1ndez<\/strong><\/p>\n<div id=\"yui_3_7_2_1_1394994998878_2489\">\n<p>En vida independiente aprend\u00ed a tener una mejor actitud ante la vida, a saber que somos capaces de cumplir con todos los proyectos de vida. Sin importar tener una\u00a0lesi\u00f3n tenemos la capacidad de seguir adelante e incorporarnos a la sociedad de la mejor manera y competir por alg\u00fan trabajo al igual que una persona de pie.\u00a0La experiencia fue satisfactoria y divertida, super\u00f3 mis expectativas. Todos los instructores y personas de apoyo siempre cordiales y dando un buen ejemplo. Me voy motivada a seguir con todas las t\u00e9cnicas aprendidas y dispuesta a acudir a pr\u00f3ximos cursos. Gracias vida independiente!!!<\/p>\n<p><strong>\u00a0 \u00a0 \u00a0 \u00a0 \u00a0 \u00a0 \u00a0\u00a0Ignacio Prieto Espinoza<\/strong><\/p>\n<\/div>\n<h4 style=\"text-align: center;\">&#8220;CURSO 164 CHIHUAHUA&#8221;<\/h4>\n<p>Me es grato reconocer una vez m\u00e1s la habilidad y destreza que adquieren los participantes. Les agradezco la paciencia, perseverancia y tenacidad que demuestran como instructores. Me llevo un\u00a0 gran aprendizaje personal y profesional ya que se puntualizar\u00e1n las t\u00e9cnicas que he aprendido a lo largo de mi desarrollo profesional, por lo cual me compromete a ir perfeccionando lo posible cada una de las t\u00e9cnicas para poder ense\u00f1arlas correctamente a cada uno de mis pacientes.<\/p>\n<p>. \u00a0 \u00a0 \u00a0 \u00a0 \u00a0 \u00a0 \u00a0<strong> Amaler Aranda Arana<\/strong><\/p>\n<div id=\"yui_3_7_2_1_1394994998878_2489\">\n<p>Primero que nada gracias por invitarme al grupo de vida independiente. Agradezco a Santiago Vel\u00e1zquez por hacerme saber lo que realmente somos y lo que valemos y todo me qued\u00f3 muy claro. Hoy s\u00e9 que si estamos chuecos podemos hacer muchas cosas y aprend\u00ed cosas nuevas que yo no sab\u00eda ni conoc\u00eda. En la conferencia me dio mucha motivaci\u00f3n y mucho valor para salir adelante.\u00a0 Agradezco a los instructores, aprend\u00ed mucho.<\/p>\n<p><strong>\u00a0 \u00a0 \u00a0 \u00a0 \u00a0 \u00a0 \u00a0\u00a0Ignacio Prieto Espinoza<\/strong><\/p>\n<\/div>\n<h4 style=\"text-align: center;\">&#8220;CURSO 163 CHIAPAS&#8221;<\/h4>\n<p>El curso fue maravilloso de mucha utilidad para mi vida en la sociedad. Sent\u00ed que soy otra persona porque aprend\u00ed mucho m\u00e1s y puedo avanzar con la silla con m\u00e1s seguridad.\u00a0Gracias a Vida Independiente y al ingeniero Santiago que nos manda este curso para que salgamos adelante y poder trabajar para nuestra familia. Agradezco todo el apoyo con la silla que nos don\u00f3. Gracias que dios lo siga bendiciendo.<\/p>\n<p>. \u00a0 \u00a0 \u00a0 \u00a0 \u00a0 \u00a0 \u00a0<strong> Josu\u00e9 Mart\u00ednez Mu\u00f1oz<\/strong><\/p>\n<div id=\"yui_3_7_2_1_1394994998878_2489\">\n<p>El curso que viv\u00ed ha sido de mucha utilidad para mi vida diaria, pues nos ayuda a ser independiente y a vivir una vida en sociedad, nos da seguridad y nos invita a disfrutar de una vida que tambi\u00e9n nos merecemos. Agradezco infinitamente a todos los que han puesto su granito de arena para que este proyecto se lleve a cabo. Ojal\u00e1 que esto no pare, todav\u00eda hay muchos por experimentar estos cursos que personalmente me ha ayudado mucho.<\/p>\n<p><strong>\u00a0 \u00a0 \u00a0 \u00a0 \u00a0 \u00a0 \u00a0\u00a0Paula Esbeidi Ru\u00edz V\u00e1zquez<\/strong><\/p>\n<\/div>\n<h4 style=\"text-align: center;\">&#8220;CURSO 162 DISTRITO FEDERAL&#8221;<\/h4>\n<p style=\"text-align: justify;\">A m\u00ed me ha ayudado de varias formas. Ahora tengo\u00a0m\u00e1s seguridad viendo que no se me debe cerrar el mundo, que querer es poder. Me han dado t\u00e9cnicas que en ning\u00fan otro lado nos dan y que es muy necesaria, nos han mostrado que esas t\u00e9cnicas debemos y podemos aplicarlas en nuestra vida diaria, que siendo conscientes de nuestro problema y aplicando todo lo aprendido podemos poco a poco mejorar hasta llegar a no depender de los dem\u00e1s. Tambi\u00e9n aprend\u00ed que cada quien es diferente tanto al aprender como en actitudes, pero que la actitud es lo que m\u00e1s va a llevar a alcanzar nuestras metas. Por \u00faltimo, quiero darle las gracias por su gran apoyo, paciencia y disposici\u00f3n prestadas a todos nosotros.<\/p>\n<p>. \u00a0 \u00a0 \u00a0 \u00a0 \u00a0 \u00a0 \u00a0<strong> Elizabeth Pelcastre Amador<\/strong><\/p>\n<div id=\"yui_3_7_2_1_1394994998878_2489\">\n<p style=\"text-align: justify;\">Ya hab\u00eda tomado anteriormente cursos, pero este me gust\u00f3 mucho ya que hubo de todo. Las pl\u00e1ticas que dieron sobre las escaras, las infecciones en las v\u00edas urinarias y sexolog\u00eda, me gustaron mucho ya que nunca hab\u00eda tenido el gusto de escucharlas y aprend\u00ed mucho de c\u00f3mo prevenir y curar las escaras. En lo personal qued\u00e9 muy contenta con todas las ense\u00f1anzas.<\/p>\n<p><strong>\u00a0 \u00a0 \u00a0 \u00a0 \u00a0 \u00a0 \u00a0\u00a0Alejandra Arriaga S\u00e1nchez<\/strong><\/p>\n<\/div>\n<h4 style=\"text-align: center;\">&#8220;CURSO 161 PUEBLA&#8221;<\/h4>\n<p style=\"text-align: justify;\">Durante este curso el aprendizaje m\u00e1s importante que tuve fue superar el miedo y entender que el \u00fanico l\u00edmite est\u00e1 en tu mente. Me ayud\u00f3 tambi\u00e9n como terapeuta a aprender las t\u00e9cnicas adecuadas para poder ense\u00f1arles a mis futuros pacientes la forma correcta de realizarlas y entender su esfuerzo.\u00a0Me robar\u00e9 las palabras de un usuario diciendo que fue la mejor semana de mi vida. Superamos el dolor f\u00edsico, la frustraci\u00f3n con la recompensa final de poder realizar las cosas. Me encantar\u00eda tomar m\u00e1s cursos con ustedes y seguir aprendiendo.<\/p>\n<p>. \u00a0 \u00a0 \u00a0 \u00a0 \u00a0 \u00a0 \u00a0<strong> Rosa Aurora Garc\u00eda Mello<\/strong><\/p>\n<div id=\"yui_3_7_2_1_1394994998878_2489\">\n<p style=\"text-align: justify;\">El curso de vida independiente fue una experiencia incre\u00edble. Adem\u00e1s es una herramienta b\u00e1sica para m\u00ed como fisioterapeuta saber dar el manejo adecuado a la silla de ruedas, pues yo no podr\u00eda exigirle a\u00a0 mi paciente que maneje una silla de ruedas si yo no s\u00e9 hacerlo y otro punto importante es que para ense\u00f1ar hay que saber y mucho mejor si se perfecciona la t\u00e9cnica.\u00a0Fue una semana inolvidable llena de aprendizaje, esfuerzo, motivaci\u00f3n. Ahora solo me queda poner en practica todo lo aprendido y ense\u00f1ar a los dem\u00e1s lo que ustedes compartieron con nosotros.<\/p>\n<p style=\"text-align: justify;\">GRACIAS VIDA INDEPENDIENTE!<\/p>\n<p><strong>\u00a0 \u00a0 \u00a0 \u00a0 \u00a0 \u00a0 \u00a0 Valeria Estefania Aguilar Rojas Dom\u00ednguez<\/strong><\/p>\n<\/div>\n<h4 style=\"text-align: center;\">&#8220;CURSO 160 XALAPA&#8221;<\/h4>\n<p style=\"text-align: justify;\">\u00a1Qu\u00e9 tal familia de Vida Independiente!<\/p>\n<p style=\"text-align: justify;\">Es mi segundo curso con ustedes, particip\u00e9 en marzo de este mismo a\u00f1o. La experiencia que me llevo de este curso es la reafirmaci\u00f3n del primero. Dominio de los\u00a0dos puntos para atr\u00e1s y para delante, bajar escalones todav\u00eda con temor y el\u00a0incremento en\u00a0la resistencia lo not\u00e9 en el recorrido. Ahora llegu\u00e9 entre los primeros 4 y en la anterior vez llegu\u00e9 a la mitad del contingente. Me siento muy bien, m\u00e1s independiente cada d\u00eda.<\/p>\n<p>. \u00a0 \u00a0 \u00a0 \u00a0 \u00a0 \u00a0 \u00a0<strong> Teodoro Contreras Cervantes<\/strong><\/p>\n<div id=\"yui_3_7_2_1_1394994998878_2489\">\n<p style=\"text-align: justify;\">Este es mi tercer curso. Me voy muy contento porque en cada curso he tenido diferentes aprendizajes.<\/p>\n<p style=\"text-align: justify;\">Quiero agradecer m\u00e1s que nada a las instituciones que hacen posible estos cursos, ya que gracias a eso nos ense\u00f1an a tener mejor calidad de vida, a creer que nada es imposible. Tambi\u00e9n agradecer estos proyectos de donaci\u00f3n porque muchos participantes no tenemos los recursos para poder adquirir, por ejemplo, el coj\u00edn o la silla que es tan necesaria para nuestro cuidado y hoy es posible en Veracruz.<\/p>\n<p><strong>\u00a0 \u00a0 \u00a0 \u00a0 \u00a0 \u00a0 \u00a0 Pastor Montero Dom\u00ednguez <\/strong><\/p>\n<\/div>\n<h4 style=\"text-align: center;\">&#8220;CURSO 159 XALAPA&#8221;<\/h4>\n<p style=\"text-align: justify;\">Es la primera vez que he tomado el curso de Vida Independiente M\u00e9xico, la\u00a0 verdad me pareci\u00f3 un curso muy interesante y muy organizado. En este curso aprend\u00ed muchas cosas, c\u00f3mo hacer dos puntos, subir escaleras y bajar en dos puntos. Yo no pod\u00eda hacer eso. He aprendido mucho de este gran curso, me voy lleno de conocimientos para enfrentar los retos de la vida ya que con ese curso nos han ense\u00f1ado a ser mas independientes.\u00a0Gracias por todo su apoyo y conocimiento.<\/p>\n<p>.\u00a0 \u00a0 \u00a0 \u00a0 \u00a0 \u00a0 \u00a0 \u00a0<strong>Jorge Israel Sandoval Zapata<\/strong><\/p>\n<div id=\"yui_3_7_2_1_1394994998878_2489\">\n<p style=\"text-align: justify;\">Me llevo una muy grata experiencia de este curso. He aprendido mucho con bastante\u00a0esfuerzo y ca\u00eddas, pero me quedo con lo mejor: la convivencia y el aprendizaje. Agradezco la ense\u00f1anza y paciencia que nos tuvieron todos los instructores, gracias a ellos por hacernos tan ameno y divertido el curso. Igualmente gracias por la exigencia, porque por eso tambi\u00e9n nos ense\u00f1aron a dar lo mejor de nosotros y demostrar que podemos hacer cosas de las que no nos cre\u00edamos capaces.\u00a0Sin dudarlo, el d\u00eda que tenga oportunidad volver\u00e9 a venir.\u00a0Felicidades por todo lo que hacen por ustedes y por todos los que tenemos ganas de aprender.<\/p>\n<p><strong>\u00a0 \u00a0 \u00a0 \u00a0 \u00a0 \u00a0 \u00a0 Irma Yesenia Hern\u00e1ndez Dur\u00e1n<\/strong><\/p>\n<\/div>\n<h4 style=\"text-align: center;\">&#8220;CURSO 158 M\u00c9RIDA&#8221;<\/h4>\n<p style=\"text-align: justify;\">El curso me encant\u00f3. Me sent\u00ed agusto con todos los instructores. Me ense\u00f1aron muchas cosas que jamas pens\u00e9 que podr\u00eda\u00a0las cuales me van\u00a0 a servir mucho para mejorar mi calidad de vida. Ahora me siento mucho m\u00e1s segura e independiente. He cambiado mi perspectiva de la manera en que veo la vida, siento que si me lo propongo todo puede ser posible.\u00a0Les agradezco a todos los que hicieron posible que este curso llegara al Estado y me dieran la posibilidad de participar. Se los agradezco de todo coraz\u00f3n.<\/p>\n<h4>\u00a0 \u00a0 \u00a0 \u00a0 \u00a0 \u00a0 \u00a0 \u00a0Geny Isabelchay Ozul<\/h4>\n<div id=\"yui_3_7_2_1_1394994998878_2489\">\n<p style=\"text-align: justify;\">Nunca me imagin\u00e9 que un curso de vida independiente cambiar\u00eda mi idea de estar en mi confort, ya que necesito seguir aprendiendo y practicando para defender al 100 por ciento mi vida. El curso VIM nos ayud\u00f3 a saber las t\u00e9cnicas para poder manejar adecuadamente la silla de ruedas, tambi\u00e9n aprend\u00ed a cambiarme de la silla a la cama y viceversa.\u00a0VIM es una experiencia inimaginable que deja en la vida. Todos los instructores fueron de lo mejor, ya que con paciencia y dedicaci\u00f3n lograron ense\u00f1ar todo su conocimiento.<\/p>\n<p><strong>\u00a0 \u00a0 \u00a0 \u00a0 \u00a0 \u00a0 \u00a0 Yeni Elizabeth M\u00e9ndez Becerril<\/strong><\/p>\n<\/div>\n<h4 style=\"text-align: center;\">&#8220;CURSO 156 CATEMACO&#8221;<\/h4>\n<p style=\"text-align: justify;\">Al llegar no conoc\u00eda las din\u00e1micas de uso de silla de ruedas y lo complejo que puede ser la vida diaria de una persona que utiliza la silla de ruedas como parte de su vida diaria. Quiz\u00e1 sea una situaci\u00f3n que vista se dice f\u00e1cil, sin embargo, en la practica es m\u00e1s dif\u00edcil de realizar.<\/p>\n<h4 id=\"yui_3_7_2_1_1394994998878_2491\">\u00a0 \u00a0 \u00a0 \u00a0 \u00a0 \u00a0 \u00a0 \u00a0 \u00a0 \u00a0 Sergio Antonio L\u00f3pez Mart\u00ednez<\/h4>\n<div id=\"yui_3_7_2_1_1394994998878_2489\">\n<p style=\"text-align: justify;\">Aprend\u00ed a subir rampas, pasar topes y a rodar yo sola sin depender que alguien me tenga que estar empujando. Me gust\u00f3 mucho este curso porque aparte de lo que aprend\u00ed, me sirvi\u00f3 para desenvolverme m\u00e1s para quitarme la pena al estar con la silla de ruedas y ser m\u00e1s sociable. Me d\u00ed cuenta de cosas que ni siquiera yo sabia que pod\u00eda hacer.<\/p>\n<p><strong>\u00a0 \u00a0 \u00a0 \u00a0 \u00a0 \u00a0 \u00a0 Nancy Elizabeth M\u00e9ndez Becerril<\/strong><\/p>\n<\/div>\n<h4 style=\"text-align: center;\">&#8220;CURSO 155 CATEMACO&#8221;<\/h4>\n<p style=\"text-align: justify;\">El curso me pareci\u00f3 excelente en el aspecto f\u00edsico y psicol\u00f3gico. Aprend\u00ed much\u00edsimo traslados como cuidar una \u00falcera por presi\u00f3n, c\u00f3mo darle mantenimiento a mi silla, mantener, bastante actividad f\u00edsica con muy buenos instructores. Gracias por ayudarme a salir adelante con muy buena vibra y trabajo en equipo.<\/p>\n<h4 id=\"yui_3_7_2_1_1394994998878_2491\">\u00a0 \u00a0 \u00a0 \u00a0 \u00a0 \u00a0 \u00a0 \u00a0 \u00a0 \u00a0 \u00a0Julio C\u00e9sar Rosales C\u00e1rdenas<\/h4>\n<div id=\"yui_3_7_2_1_1394994998878_2489\">\n<p style=\"text-align: justify;\">Desde mi nacimiento he tenido discapacidad. As\u00ed que desde peque\u00f1o he usado silla de ruedas y mucho de lo que s\u00e9 hacer lo aprend\u00ed por mi cuenta. Lo que me gust\u00f3 del curso fue que me ense\u00f1aron a hacer las cosas, paso a paso con la t\u00e9cnica correcta, tambi\u00e9n me gust\u00f3 la hermandad que se form\u00f3 entre todas las personas del campamento. ya que con lo mucho o poco que puedes hacer, siempre pudimos ayudarnos todos y ser \u00fatiles a nuestro grupo. En lo personal me gust\u00f3 mucho el curso y lo recomendar\u00e9 a personas que creo les ayudar\u00eda mucho.<\/p>\n<p><strong>\u00a0 \u00a0 \u00a0 \u00a0 \u00a0 \u00a0 \u00a0 \u00a0\u00c1ngel Joziel Rom\u00e1n Cuellar<\/strong><\/p>\n<\/div>\n<h4 style=\"text-align: center;\">&#8220;CURSO 154 AGUASCALIENTES&#8221;<\/h4>\n<p style=\"text-align: justify;\">Antes que nada, agradezco mucho a la organizaci\u00f3n todo lo que aprend\u00ed en este curso. Me ense\u00f1aron a desenvolverme m\u00e1s y a vivir una vida mejor ante la sociedad porque puedes conseguir un empleo y generar ingresos. Gracias por lo que me ense\u00f1aron todos y cada uno de ustedes, por la alimentaci\u00f3n que me dieron, el hospedaje que me brindaron. Sigo diciendo, much\u00edsimas gracias por todo.<\/p>\n<h4 id=\"yui_3_7_2_1_1394994998878_2491\">\u00a0 \u00a0 \u00a0 \u00a0 \u00a0 \u00a0 \u00a0 \u00a0 \u00a0 \u00a0 \u00a0Rafael Bustos N\u00fa\u00f1ez<\/h4>\n<div id=\"yui_3_7_2_1_1394994998878_2489\">\n<p style=\"text-align: justify;\">Para m\u00ed fue un curso de mucho provecho, de mucho trabajo, de ca\u00eddas, pero tambi\u00e9n de aprendizaje. Aprend\u00ed a ser independiente y comunicativo. Los instructores son exigentes, pero comprensivos. Me gusta c\u00f3mo trabajan, c\u00f3mo te apoyan, cada palabra de aliento. Me considero un suertudo por conocer Vida Independiente.<\/p>\n<p><strong>\u00a0 \u00a0 \u00a0 \u00a0 \u00a0 \u00a0 \u00a0 \u00a0Jos\u00e9 Abel Jim\u00e9nez N\u00fa\u00f1ez<\/strong><\/p>\n<\/div>\n<h4 style=\"text-align: center;\">&#8220;CURSO 153 CANC\u00daN&#8221;<\/h4>\n<p style=\"text-align: justify;\">Este curso ha sido para m\u00ed una experiencia que no voy a olvidar. Estoy muy contenta de haber convivido con tanta gente y de poder ayudar a otros. Yo pens\u00e9 que manejar la silla era f\u00e1cil y que cualquier persona lo pod\u00eda hacer de la noche a la ma\u00f1ana. Hoy me doy cuenta que para hacer esto se requiere de mucho valor, voluntad y ganas de salir adelante. Tantas ca\u00eddas, ganas de llorar, golpes, dolor, cansancio y todo lo que me pas\u00f3 fue una hermosa experiencia que vali\u00f3 la pena.<\/p>\n<h4 id=\"yui_3_7_2_1_1394994998878_2491\">\u00a0 \u00a0 \u00a0 \u00a0 \u00a0 \u00a0 \u00a0 \u00a0 \u00a0 \u00a0 \u00a0Elizabeth L\u00f3pez G\u00f3mez<\/h4>\n<div id=\"yui_3_7_2_1_1394994998878_2489\">\n<p style=\"text-align: justify;\">Este curso es una de las experiencias m\u00e1s importantes en la vida y la carrera, ya que este tipo de aprendizaje no lo imparten en un aula y el vivir lo que un paciente tiene que pasar durante la etapa de rehabilitaci\u00f3n es el conocimiento m\u00e1s valioso que me llevo. Gracias a cada uno de los instructores por compartir cada uno de sus conocimientos y por la paciencia que tienen hacia cada uno de nosotros. Me voy feliz de haber aprendido de cada uno de ustedes. Ahora a ense\u00f1ar a los pacientes lo que aqu\u00ed aprend\u00ed y a ense\u00f1arles que no todo en la vida est\u00e1 perdido.<\/p>\n<p><strong>\u00a0 \u00a0 \u00a0 \u00a0 \u00a0 \u00a0 \u00a0 \u00a0\u00a0Viridiana Elizabeth Acu\u00f1a P\u00e9rez<\/strong><\/p>\n<\/div>\n<h4 style=\"text-align: center;\">&#8220;CURSO 152 CAMPECHE&#8221;<\/h4>\n<p style=\"text-align: justify;\">Una experiencia m\u00e1s a mi departamento\u00a0de trabajo.\u00a0\u00a0Con orgullo hablar\u00e9 de Vida Independiente por ser un excelente grupo porque nos ense\u00f1an que no hay barreras, ni l\u00edmites y que son indiferentes a la discriminaci\u00f3n porque son independientes para todo.<\/p>\n<h4 id=\"yui_3_7_2_1_1394994998878_2491\">\u00a0\u00a0\u00a0\u00a0\u00a0\u00a0\u00a0\u00a0\u00a0\u00a0\u00a0\u00a0\u00a0\u00a0\u00a0\u00a0\u00a0\u00a0\u00a0\u00a0\u00a0Lucrecia Cardoza Rej\u00f3n<\/h4>\n<div id=\"yui_3_7_2_1_1394994998878_2489\">\n<p style=\"text-align: justify;\">Para m\u00ed fue un reto este curso porque es la primera vez que participo en una capacitaci\u00f3n en la que nos ense\u00f1aron diferentes t\u00e9cnicas para poder manejar la silla de ruedas y lograr llevar una vida normal sin limitaciones.<\/p>\n<p><strong>\u00a0\u00a0\u00a0\u00a0\u00a0\u00a0\u00a0\u00a0\u00a0\u00a0\u00a0\u00a0\u00a0\u00a0\u00a0\u00a0Juan Diego Hern\u00e1ndez S\u00e1nchez<\/strong><\/p>\n<\/div>\n<h4 style=\"text-align: center;\">&#8220;CURSO 151 SAN LUIS, POTOSI&#8221;<\/h4>\n<p style=\"text-align: justify;\">Me parece un curso amplio y demasiado completo, no s\u00f3lo en cuanto a la ense\u00f1anza, sino que tambi\u00e9n sensibilizan y te hace m\u00e1s consciente de las dificultades que ponemos para que las personas puedan trasladarse libremente en lugares p\u00fablicos.<\/p>\n<h4 id=\"yui_3_7_2_1_1394994998878_2491\">\u00a0\u00a0\u00a0\u00a0\u00a0\u00a0\u00a0\u00a0\u00a0\u00a0\u00a0\u00a0\u00a0\u00a0\u00a0\u00a0\u00a0\u00a0\u00a0\u00a0\u00a0Francisco Javier Ortiz<\/h4>\n<div id=\"yui_3_7_2_1_1394994998878_2489\">\n<p style=\"text-align: justify;\">Me pareci\u00f3 una experiencia muy buena y diferente porque pude darme cuenta de c\u00f3mo es la vida de las personas en silla de ruedas y vi las complicaciones a las que se enfrentan. Esta organizaci\u00f3n me parece muy buena porque ayuda no s\u00f3lo a los pacientes, sino tambi\u00e9n a la familia y a todos los que los rodean.<\/p>\n<p><strong>Martha Laura Rodr\u00edguez De la Tejera<\/strong><\/p>\n<p>&nbsp;<\/p>\n<\/div>\n<h4 style=\"text-align: center;\">&#8220;CURSO 150 EN BUCER\u00cdAS, NAYARIT&#8221;<\/h4>\n<div id=\"yui_3_7_2_1_1394994998878_2489\" style=\"text-align: justify;\">Yo les agradezco a los chavos instructores porque ahora soy m\u00e1s independiente y quiero agradecer m\u00e1s al instructor Fausto por haberme ense\u00f1ado a manejar un coche y a To\u00f1o porque me ense\u00f1\u00f3 a no rendirme, a seguir adelante y a cada uno de los instructores, &#8220;muchas, pero muchas gracias&#8221; son geniales<\/div>\n<h4 id=\"yui_3_7_2_1_1394994998878_2491\">\u00a0\u00a0\u00a0\u00a0\u00a0\u00a0\u00a0\u00a0\u00a0\u00a0\u00a0\u00a0\u00a0\u00a0\u00a0\u00a0\u00a0\u00a0\u00a0\u00a0\u00a0Luis Ernesto Oviedo Mart\u00ednez<\/h4>\n<div id=\"yui_3_7_2_1_1394994998878_2489\" style=\"text-align: justify;\">El curso cambi\u00f3 mi forma de pensar y me abri\u00f3 los ojos en cuanto a la vida diaria y todos los retos que afrontan todo el tiempo.<\/div>\n<div style=\"text-align: justify;\">Es impresionante la cantidad de energ\u00eda que se requiere para lograr las actividades, pero m\u00e1s impresionante es el empe\u00f1o y dedicaci\u00f3n de todos los chuecos. Son una gran fuente de inspiraci\u00f3n.<\/div>\n<div style=\"text-align: justify;\">Me llevo la filosof\u00eda VIM y espero transmitirla a todos mis pacientes, as\u00ed como espero encontrarlos nuevamente en un futuro pr\u00f3ximo.<\/div>\n<div style=\"text-align: justify;\">Sigan as\u00ed, chicos \u00a1Son lo m\u00e1ximo!<\/div>\n<h4 id=\"yui_3_7_2_1_1394994998878_2491\">\u00a0 \u00a0 \u00a0 \u00a0 \u00a0 \u00a0 \u00a0 \u00a0 \u00a0 \u00a0 \u00a0Victor Alexis Venegas Mart\u00ednez<\/h4>\n<p>&nbsp;<\/p>\n<h4 style=\"text-align: center;\">&#8220;CAMPA\u00d1A DE SENSIBILIZACI\u00d3N UAM IZTAPALAPA&#8221; \u00a012 DE MARZO 2014<\/h4>\n<div id=\"yui_3_7_2_1_1394994998878_2489\" style=\"text-align: justify;\">Me pareci\u00f3 interesante el taller, aprend\u00ed muchas cosas b\u00e1sicas para las personas con discapacidad. El manipular la silla de ruedas, representa una manera distinta de ver la vida. Se valora a las personas que tienen alg\u00fan problema que los hace acreedores a una silla de ruedas. Sin embargo, conocer su historia y los obst\u00e1culos f\u00edsicos, sociales y morales, me hacen pensar que no todo es sencillo, pero tampoco imposible.<\/div>\n<div id=\"yui_3_7_2_1_1394994998878_2490\" style=\"text-align: justify;\">\u00a1\u00a1Gracias por haber venido y espero que se den m\u00e1s talleres para que la gente se acerque a ustedes y logre sensibilizarse m\u00e1s!!<\/div>\n<h4 id=\"yui_3_7_2_1_1394994998878_2491\">\u00a0 \u00a0 \u00a0 \u00a0 \u00a0 \u00a0 \u00a0 \u00a0 \u00a0 \u00a0 \u00a0Ver\u00f3nica Vera S\u00e1nchez<\/h4>\n<div id=\"yui_3_7_2_1_1394994998878_2493\" style=\"text-align: justify;\">Deseo aprender las t\u00e9cnicas del manejo de silla de ruedas, por que a mi padre le amputaron una pierna hace apenas dos a\u00f1os y para m\u00ed es indispensable poder ayudarlo a ser un poco m\u00e1s independiente y que logre tener una vida m\u00e1s relajada y no dependa de nadie; para que su vida de senectud no llegue a ser un martirio o desesperaci\u00f3n y logre alcanzar una vida digna.<\/div>\n<h4 id=\"yui_3_7_2_1_1394994998878_2495\">\u00a0 \u00a0 \u00a0 \u00a0 \u00a0 \u00a0 \u00a0 \u00a0 \u00a0 \u00a0 Aristeo M\u00e9ndez Mart\u00ednez<\/h4>\n<h4 style=\"text-align: center;\">CURSO NO.137 &#8220;PUEBLA&#8221; DEL 07 AL 09 DE MARZO 2014<\/h4>\n<\/div>\n<div id=\"yui_3_7_2_1_1394994998878_2344\">A m\u00ed, el curso me est\u00e1 sirviendo mucho en mi vida porque yo nunca hab\u00eda podido movilizarme por mi misma y el curso, para m\u00ed, es el comienzo de mi independencia y la forma de mostrarles a mis padres que puedo lograr todo lo que me proponga.<\/div>\n<div id=\"yui_3_7_2_1_1394994998878_2348\">El primer d\u00eda fue muy dif\u00edcil porque no estoy acostumbrada a hacer ejercicio y se me complic\u00f3 un poco, pero con esfuerzo me fui adaptando.<\/div>\n<div id=\"yui_3_7_2_1_1394994998878_2349\">Me gust\u00f3 mucho el curso, los compa\u00f1eros son muy amables y tuve mucho apoyo de los instructores.<\/div>\n<div id=\"yui_3_7_2_1_1394994998878_2350\">Con el tiempo voy a lograr todo, aunque me caiga, no voy a dejar de intentar. Para m\u00ed es muy importante ser independiente para lograr trabajar y hacer mi propia vida sin depender de nadie, aunque me cueste mucho trabajo; pero lo que se desea se puede lograr.<\/div>\n<h4>\u00a0 \u00a0 \u00a0 \u00a0 \u00a0 \u00a0 \u00a0 \u00a0 \u00a0 \u00a0 Agamali Dom\u00ednguez Michaca<\/h4>\n<div id=\"yui_3_7_2_1_1394994998878_2352\"><\/div>\n<div id=\"yui_3_7_2_1_1394994998878_2353\">Los d\u00edas 6 y 7 de Marzo del 2014 han sido muy importantes, porque he aprendido muchas cosas nuevas que s\u00ed sabia, pero no pod\u00eda realizarlas por temor a una o varias ca\u00eddas, pero gracias a los instructores de Vida Independiente he podido realizarlo con su ayuda brindada hacia mi.<\/div>\n<div id=\"yui_3_7_2_1_1394994998878_2362\">Todo lo aprendido me servir\u00e1 de mucho, porque ahora lo podre realizar yo misma, sin ayuda de nadie, solo m\u00eda.<\/div>\n<div id=\"yui_3_7_2_1_1394994998878_2363\">Esta experiencia es muy padre, porque ayuda mucho a todas la personas discapacitadas como nosotros.<\/div>\n<h4 id=\"yui_3_7_2_1_1394994998878_2365\">\u00a0 \u00a0 \u00a0 \u00a0 \u00a0 \u00a0 \u00a0 \u00a0 \u00a0 \u00a0 Brenda Alba Placido Balbuena<\/h4>\n<h4 style=\"text-align: center;\"><\/h4>\n<p>&nbsp;<\/p>\n<h4 style=\"text-align: center;\">CURSO NO.112 &#8220;CATEMACO, VERACRUZ&#8221; DEL 02 AL 06 DE ABRIL 2012<\/h4>\n<p>&nbsp;<\/p>\n<p>NOMBRE:\u00a0<strong> Pastor Montero Dom\u00ednguez.<\/strong><\/p>\n<p><a style=\"font-style: normal; line-height: 24px; text-decoration: underline;\" href=\"http:\/\/vidaindependientemexico.com\/wp-content\/uploads\/2012\/01\/Testimonio-Pastor-VIM.jpg\"><img loading=\"lazy\" decoding=\"async\" class=\"alignright size-medium wp-image-1213\" style=\"border-style: initial; border-color: initial; background-image: initial; background-attachment: initial; background-origin: initial; background-clip: initial; background-color: #eeeeee; margin-top: 0.4em;\" title=\"Testimonio Pastor VIM\" src=\"http:\/\/vidaindependientemexico.com\/wp-content\/uploads\/2012\/01\/Testimonio-Pastor-VIM-226x300.jpg\" alt=\"\" width=\"181\" height=\"240\" srcset=\"http:\/\/vidaindependientemexico.com\/wp-content\/uploads\/2012\/01\/Testimonio-Pastor-VIM-226x300.jpg 226w, http:\/\/vidaindependientemexico.com\/wp-content\/uploads\/2012\/01\/Testimonio-Pastor-VIM.jpg 326w\" sizes=\"(max-width: 181px) 100vw, 181px\" \/><\/a><\/p>\n<div>\n<p>EDAD:<strong> 35 a\u00f1os.<\/strong><\/p>\n<div>\n<p>TIPO DE DISCAPACIDAD: <strong>Lesi\u00f3n Medular C5<\/strong><\/p>\n<p>LUGAR DE ORIGEN: <strong>Veracruz.<\/strong><\/p>\n<p>Antes que nada agradezco a todo el grupo de participantes por su amabilidad y buen trato, me voy muy contento por lo poco o mucho que he logrado pues venia sin hacer nada y he hecho muchas cosas que desde mi lesi\u00f3n no lograba hacer, me gustar\u00eda mas adelante poder participar en otro curso pues est\u00e1n tan completos \u00a0para lograr la independencia.\u00a0Agradezco al Sr. Santiago por llevar adelante la Organizaci\u00f3n Vida Independiente y por animarnos tanto a hacer algo por nuestra vida que es lo m\u00e1s valioso que tenemos.Se despide este humilde servidor.<\/p>\n<p>\u00a1Que Dios los bendiga a todos.!<\/p>\n<p>&nbsp;<\/p>\n<p><a href=\"http:\/\/vidaindependientemexico.com\/wp-content\/uploads\/2012\/01\/Testimonio-Lucero-Anahi-VIM.jpg\"><img loading=\"lazy\" decoding=\"async\" class=\"size-medium wp-image-1214 alignleft\" title=\"Testimonio Lucero Anahi VIM\" src=\"http:\/\/vidaindependientemexico.com\/wp-content\/uploads\/2012\/01\/Testimonio-Lucero-Anahi-VIM-300x280.jpg\" alt=\"\" width=\"240\" height=\"224\" srcset=\"http:\/\/vidaindependientemexico.com\/wp-content\/uploads\/2012\/01\/Testimonio-Lucero-Anahi-VIM-300x280.jpg 300w, http:\/\/vidaindependientemexico.com\/wp-content\/uploads\/2012\/01\/Testimonio-Lucero-Anahi-VIM.jpg 360w\" sizes=\"(max-width: 240px) 100vw, 240px\" \/><\/a>NOMBRE: <strong>Anah\u00ed Lucero V\u00e1zquez Olvera<\/strong><\/p>\n<p>EDAD: <strong>16 a\u00f1os<\/strong><\/p>\n<p>TIPO DE DISCAPACIDAD: <strong>Lesi\u00f3n Medular T4<\/strong><\/p>\n<p>LUGAR DE ORIGEN: <strong>Estado de M\u00e9xico<\/strong><\/p>\n<p>&nbsp;<\/p>\n<p>Es algo muy hermoso saber que podemos ser como los dem\u00e1s, hacer una vida normal y no estar dependiendo siempre de mis padres y hasta de mi hermana peque\u00f1a.La verdad cuando empez\u00f3 el curso yo vi a muchas personas como yo queriendo tener una vida normal, la cual se valgan por si solos y yo me llene de ese entusiasmo que transmiten, antes de que conociera este movimiento de VIM yo me conmiseraba mucho, pero gracias a Dios esto me ha cambiado la vida.Tambi\u00e9n cuando empez\u00f3 el curso de VIM me sent\u00ed cansada, pero medite cuanto me ayudar\u00eda en mi vida cotidiana.El jueves en la ida a Catemaco me sent\u00ed orgullosa de mi, puesto que hab\u00eda llegado a m\u00e1s de la mitad del camino, y cuando mis compa\u00f1eros llegaron al malec\u00f3n me encanto ver la cara de asombro de los turistas y personas que habitan ah\u00ed.En este momento doy gracias a VIM y a mis instructores por ense\u00f1arme que si se puede, tambi\u00e9n a los terapeutas pues se ponen en nuestro lugar al venir a este curso, pero sobre todo a Dios por ponerme los medios para poder llegar aqu\u00ed, y a mis padres y mi hermana pues me apoyaron en todo.Ahora que termina el curso me siento preparada para seguir mi vida y si se puede venir a otro curso, que mejor que eso.<\/p>\n<p>\u00a1Gracias Vida Independiente!<\/p>\n<p>&nbsp;<\/p>\n<p>NOMBRE: <strong>LUIS CISNEROS ACOSTA<\/strong><a href=\"http:\/\/vidaindependientemexico.com\/wp-content\/uploads\/2012\/01\/Testimonio-VIM-Luis-Cisneros.jpg\"><img loading=\"lazy\" decoding=\"async\" class=\"alignright size-medium wp-image-1215\" title=\"Testimonio VIM Luis Cisneros\" src=\"http:\/\/vidaindependientemexico.com\/wp-content\/uploads\/2012\/01\/Testimonio-VIM-Luis-Cisneros-227x300.jpg\" alt=\"\" width=\"182\" height=\"240\" srcset=\"http:\/\/vidaindependientemexico.com\/wp-content\/uploads\/2012\/01\/Testimonio-VIM-Luis-Cisneros-227x300.jpg 227w, http:\/\/vidaindependientemexico.com\/wp-content\/uploads\/2012\/01\/Testimonio-VIM-Luis-Cisneros.jpg 336w\" sizes=\"(max-width: 182px) 100vw, 182px\" \/><\/a><\/p>\n<p>EDAD: <strong>23 a\u00f1os<\/strong><\/p>\n<p>OCUPACI\u00d3N: <strong>ESTUDIANTE LIC. EN REHABILITACION UADY<\/strong><\/p>\n<p>LUGAR DE ORIGEN: <strong>VERACRUZ<\/strong><\/p>\n<p>A pesar de ser del \u00e1rea de la Salud, de estar &#8220;altamente&#8221; relacionado con el tema, esta semana me sent\u00ed de lo m\u00e1s ignorante y de lo m\u00e1s alejado de las personas.\u00a0Estar cerca de todos los participantes me dej\u00f3 una experiencia de lo m\u00e1s grata, tanto que anhelo ya poder tomar el pr\u00f3ximo curso, poder convivir y aprender tanto de las PcD.\u00a0Usar el instrumento de su vida diaria, me ha permitido entenderlos y comprenderlos m\u00e1s, ser mucho mas emp\u00e1tico y mucho m\u00e1s consciente de todo lo que tenemos que aprender como terapeutas para con las personas con discapacidad.\u00a0Ser mas y mas consciente de lo que tenemos que aprender para ayudar, ese debe ser el lema de ahora en adelante.\u00a0De antemano gracias infinitas a mis instructores y a todos los que vayan a tener acceso a esta informaci\u00f3n. \u00a1 Nos vemos en el siguiente curso!<\/p>\n<p>&nbsp;<\/p>\n<p>NOMBRE: <strong>FABIOLA SOLIS MARTIENEZ<\/strong><\/p>\n<p>EDAD:<strong>36 a\u00f1os<\/strong><\/p>\n<p><strong>ACOMPA\u00d1ANTE DE PARTICIPANTE<\/strong><\/p>\n<p>LUGAR DE ORIGEN: <strong>CAMPECHE<\/strong><\/p>\n<p>El haber venido a este curso fue muy instructivo tanto para m\u00ed como para mi esposo. Vivir de repente una discapacidad de un familiar es muy dif\u00edcil, a veces no sabes como ayudarle y como ayudarte a ti mismo a enfrentar esta nueva forma de vida, gracias a lo que observe y viv\u00ed esta semana, pude comprender que si hay una manera de ayudar a mi esposo, es apoy\u00e1ndolo a tomar las riendas de su vida, logrando ser un ser independiente, capaz de lograr muchas cosas.\u00a0Gracias a su entrega, gracias por tener la iniciativa de ayudarnos, gracias por darnos la ense\u00f1anza a base de mucho esfuerzo, entrega y disciplina.\u00a0Gracias a cada uno de los instructores, gracias por sus consejos, gracias por dar ejemplo de lo que se puede llegar a lograr, haciendo todo con ganas. Bien por ustedes<\/p>\n<p>\u00a1\u00a1\u00a0Gracias Santiago por hacer de tu vida una lucha constante. Gracias por compartir tu lucha con nosotros!!<\/p>\n<p>&nbsp;<\/p>\n<p><strong>TESTIMONIOS CURSO DE IXTAPA\u00a0 ZIHUATANEJO DEL\u00a0 16 AL 21 DE ENERO 2012 \u00a0 \u00a0 \u00a0 \u00a0 \u00a0\u00a0<\/strong><\/p>\n<p>Nombre: ROBERTO MORALES CAMPOS<\/p>\n<p>Edad: 30 a\u00f1os<\/p>\n<p>Tipo de discapacidad: Mielo meningocele<\/p>\n<p>Lugar de Origen: Morelos<\/p>\n<p>\u00a8Agradezco al se\u00f1or Santiago y a todos los que hicieron posibles este curso, la verdad aprend\u00ed bastante y sobre todo pude conocer una parte de mi que no cre\u00ed que existiera ya que mas que independencia conoc\u00ed aqu\u00ed una forma muy diferente de ver la vida y de resolver obst\u00e1culos que antes parec\u00edan inmensos tambi\u00e9n aprend\u00ed a canalizar mis frustraciones para convertirlas en esfuerzo y lograr lo que me proponga. Gracias de verdad a los instructores por su paciencia y compa\u00f1erismo me voy satisfecho y con todas las ganas de seguir practicando todo lo que me ense\u00f1aron aqu\u00ed, ojala que este proyecto siga por muchos a\u00f1os mas y que sigan apoyando a muchas personas mas les dejo un cordial saludo\u00a8<\/p>\n<p>Nombre: RODOLFO TEMORES GUERRA<\/p>\n<p>Edad: 27 a\u00f1os<\/p>\n<p>Tipo de discapacidad: Cuadripl\u00e9jico<\/p>\n<p>Lugar de origen: Sahuayo Michoac\u00e1n<\/p>\n<p>\u00a8Si me gusto la experiencia, aprend\u00ed a manejar la silla de ruedas despu\u00e9s de estar acostado 8 a\u00f1os y 9 meses aunque me cost\u00f3 mucho trabajo propulsar mi silla de ruedas de forma independiente me comprometo a cambiar mi vida y a formar parte de vida independiente espero y me puedan apoyar para una silla de ruedas adaptada para mis capacidades, gracias por todo\u00a8<\/p>\n<p>Nombre: CRISTOBAL GARFIAS COLIN<\/p>\n<p>Edad: 34 a\u00f1os<\/p>\n<p>Tipo de discapacidad: Parapl\u00e9jico T 9<\/p>\n<p>Lugar de Origen: Bubetoca<\/p>\n<p>\u00a8Mi accidente tiene apenas 4 meses y ahora en este curso aprend\u00ed muchas cosas que en el futuro necesitare, ya me ba\u00f1o solo y tambi\u00e9n entend\u00ed que la gente me apoye y con mi esfuerzo tratare de hacer lo que mas pueda yo solo, ya casi domino la silla\u00a8<\/p>\n<p>Nombre: HILDA KARIME ALFONSO MORA<\/p>\n<p>Edad: 30 a\u00f1os<\/p>\n<p>Tipo de discapacidad: Paraplejia T 11<\/p>\n<p>Lugar de Origen: M\u00e9xico D.F<\/p>\n<p>\u00a8Ha sido principalmente hermoso convivir con tanta gente, me llevo much\u00edsimos aprendizajes de cada uno de ellos en mi coraz\u00f3n. Me llevo mucho cari\u00f1o y comprensi\u00f3n de algunos de ellos y de verdad eso no tiene precio. Por otro lado es admirable el trabajo de los instructores, aprend\u00ed y mucho pero sino hubiera sido por mi equipo no hubiera avanzado como lo hice. Que bendici\u00f3n ha sido estar aqu\u00ed gracias.\u00a8<\/p>\n<p>Nombre: RAUL FELICITOS PROCAPIO<\/p>\n<p>Edad: 37 a\u00f1os<\/p>\n<p>Tipo de discapacidad: Secuelas de polio<\/p>\n<p>Lugar de Origen: Xoxocatla<\/p>\n<p>\u00a8Antes de este curso nunca hab\u00eda manejado una silla de ruedas por lo mismo tenia temor e inseguridad, ahora he aprendido que con el manejo de la silla de ruedas puedo ser muy independiente de las dem\u00e1s personas principalmente de mi familia. Le agradezco a todos principalmente al se\u00f1or Santiago por esta oportunidad espero poder seguir asistiendo a mas cursos de Vida Independiente para aprender nuevas cosas y seguir adelante\u00a8<\/p>\n<p><a href=\"http:\/\/C:\\Users\\Karina T\\AppData\\Local\\Temp\\AvisoPrivacidadVIM-1.htm\" target=\"_blank\">Consulta nuestro aviso de privacidad y uso correcto de datos personales<\/a><\/p>\n<\/div>\n<\/div>\n","protected":false},"excerpt":{"rendered":"<p>&#8220;CURSO 170 BUCER\u00cdAS&#8221; Ser independiente, gran palabra f\u00e1cil de escribir pero dif\u00edcil de hacer. Al iniciar el curso entend\u00ed que mi hija no necesita m\u00e1s que el empuj\u00f3n a su vida. El argumento del instructor me hizo entender que puede estar sola. Las actividades que se realizaron fueron interesantes. Para<a href=\"http:\/\/vidaindependientemexico.com\/?page_id=1172\" class=\"read-more\">Read More<\/a><\/p>\n","protected":false},"author":3,"featured_media":0,"parent":0,"menu_order":0,"comment_status":"closed","ping_status":"closed","template":"","meta":{"ngg_post_thumbnail":0,"footnotes":""},"class_list":["post-1172","page","type-page","status-publish","hentry"],"_links":{"self":[{"href":"http:\/\/vidaindependientemexico.com\/index.php?rest_route=\/wp\/v2\/pages\/1172"}],"collection":[{"href":"http:\/\/vidaindependientemexico.com\/index.php?rest_route=\/wp\/v2\/pages"}],"about":[{"href":"http:\/\/vidaindependientemexico.com\/index.php?rest_route=\/wp\/v2\/types\/page"}],"author":[{"embeddable":true,"href":"http:\/\/vidaindependientemexico.com\/index.php?rest_route=\/wp\/v2\/users\/3"}],"replies":[{"embeddable":true,"href":"http:\/\/vidaindependientemexico.com\/index.php?rest_route=%2Fwp%2Fv2%2Fcomments&post=1172"}],"version-history":[{"count":34,"href":"http:\/\/vidaindependientemexico.com\/index.php?rest_route=\/wp\/v2\/pages\/1172\/revisions"}],"predecessor-version":[{"id":2581,"href":"http:\/\/vidaindependientemexico.com\/index.php?rest_route=\/wp\/v2\/pages\/1172\/revisions\/2581"}],"wp:attachment":[{"href":"http:\/\/vidaindependientemexico.com\/index.php?rest_route=%2Fwp%2Fv2%2Fmedia&parent=1172"}],"curies":[{"name":"wp","href":"https:\/\/api.w.org\/{rel}","templated":true}]}}