{"id":220,"date":"2012-01-09T23:10:00","date_gmt":"2012-01-09T23:10:00","guid":{"rendered":"http:\/\/vidaindependientemexico.com\/?page_id=220"},"modified":"2019-06-26T22:34:15","modified_gmt":"2019-06-26T22:34:15","slug":"objetivos","status":"publish","type":"page","link":"http:\/\/vidaindependientemexico.com\/?page_id=220","title":{"rendered":"Objetivos"},"content":{"rendered":"<p><img loading=\"lazy\" decoding=\"async\" class=\"wp-image-3182 alignright\" src=\"http:\/\/vidaindependientemexico.com\/wp-content\/uploads\/2018\/11\/El-ni\u00f1o-de-las-palomas-Aldo.jpg\" alt=\"\" width=\"194\" height=\"258\" srcset=\"http:\/\/vidaindependientemexico.com\/wp-content\/uploads\/2018\/11\/El-ni\u00f1o-de-las-palomas-Aldo.jpg 280w, http:\/\/vidaindependientemexico.com\/wp-content\/uploads\/2018\/11\/El-ni\u00f1o-de-las-palomas-Aldo-225x300.jpg 225w\" sizes=\"(max-width: 194px) 100vw, 194px\" \/><\/p>\n<p style=\"text-align: justify;\"><span style=\"color: #000000;\">a)<\/span> <span style=\"color: #000000;\"><em>Desarrollar la filosof\u00eda y herramientas de Vida Independiente M\u00e9xico (VIM)<\/em> para personas con discapacidad, a trav\u00e9s de un<\/span> <span style=\"color: #000000;\">entrenamiento pr\u00e1ctico<\/span> <span style=\"color: #000000;\">y te\u00f3rico<\/span> <span style=\"color: #000000;\">en todo lo relativo a la<\/span> <span style=\"color: #000000;\">rehabilitaci\u00f3n integral<\/span>, <span style=\"color: #000000;\">tanto a nivel nacional como internacional; dirigido a personas usuarias de sillas de ruedas, familiares, amigos, cuidadores, terapistas, enfermeras, m\u00e9dicos y dem\u00e1s interesados en los <em>procesos de rehabilitaci\u00f3n integral de personas con discapacidad<\/em>.<\/span><\/p>\n<p style=\"text-align: justify;\"><span style=\"color: #000000;\">b)<\/span> <span style=\"color: #000000;\">Desarrollar en las personas con discapacidad <em>la aceptaci\u00f3n y habilidad de ayudarse a s\u00ed mismas<\/em>, a fin de convertirse en las<\/span> <span style=\"color: #000000;\">promotoras de su propia integraci\u00f3n social; <\/span><span style=\"color: #000000;\">retomando el control de sus vidas<\/span>, <span style=\"color: #000000;\">hasta lograr su independencia plena.<\/span><\/p>\n<p style=\"text-align: justify;\"><span style=\"color: #000000;\">c)<\/span> <span style=\"color: #000000;\">Fomentar la<\/span><span style=\"color: #000000;\"> integraci\u00f3n social y laboral<\/span>, <span style=\"color: #000000;\">mediante la rehabilitaci\u00f3n y asistencia integral a las personas m\u00e1s necesitadas; como son,<\/span> <span style=\"color: #000000;\">las personas con discapacidad.<\/span><\/p>\n<p>&nbsp;<\/p>\n<hr>\n<p><img loading=\"lazy\" decoding=\"async\" class=\"wp-image-3239 size-full aligncenter\" src=\"http:\/\/vidaindependientemexico.com\/wp-content\/uploads\/2018\/11\/veem.jpg\" alt=\"\" width=\"1280\" height=\"720\" srcset=\"http:\/\/vidaindependientemexico.com\/wp-content\/uploads\/2018\/11\/veem.jpg 1280w, http:\/\/vidaindependientemexico.com\/wp-content\/uploads\/2018\/11\/veem-300x169.jpg 300w, http:\/\/vidaindependientemexico.com\/wp-content\/uploads\/2018\/11\/veem-768x432.jpg 768w, http:\/\/vidaindependientemexico.com\/wp-content\/uploads\/2018\/11\/veem-1024x576.jpg 1024w\" sizes=\"(max-width: 1280px) 100vw, 1280px\" \/><\/p>\n<p><img loading=\"lazy\" decoding=\"async\" class=\"aligncenter size-full wp-image-2819\" src=\"http:\/\/vidaindependientemexico.com\/wp-content\/uploads\/2012\/01\/IMG-20161128-WA0138.jpg\" alt=\"\" width=\"1280\" height=\"720\" srcset=\"http:\/\/vidaindependientemexico.com\/wp-content\/uploads\/2012\/01\/IMG-20161128-WA0138.jpg 1280w, http:\/\/vidaindependientemexico.com\/wp-content\/uploads\/2012\/01\/IMG-20161128-WA0138-300x169.jpg 300w, http:\/\/vidaindependientemexico.com\/wp-content\/uploads\/2012\/01\/IMG-20161128-WA0138-768x432.jpg 768w, http:\/\/vidaindependientemexico.com\/wp-content\/uploads\/2012\/01\/IMG-20161128-WA0138-1024x576.jpg 1024w\" sizes=\"(max-width: 1280px) 100vw, 1280px\" \/><\/p>\n<hr>\n<p><iframe loading=\"lazy\" title=\"Ta?bata Jalil en Vida Independiente\" width=\"584\" height=\"329\" src=\"https:\/\/www.youtube.com\/embed\/tTbr5Hj2g94?feature=oembed\" frameborder=\"0\" allow=\"accelerometer; autoplay; clipboard-write; encrypted-media; gyroscope; picture-in-picture; web-share\" referrerpolicy=\"strict-origin-when-cross-origin\" allowfullscreen><\/iframe><\/p>\n<hr>\n<p>&nbsp;<\/p>\n","protected":false},"excerpt":{"rendered":"<p>a) Desarrollar la filosof\u00eda y herramientas de Vida Independiente M\u00e9xico (VIM) para personas con discapacidad, a trav\u00e9s de un entrenamiento pr\u00e1ctico y te\u00f3rico en todo lo relativo a la rehabilitaci\u00f3n integral, tanto a nivel nacional como internacional; dirigido a personas usuarias de sillas de ruedas, familiares, amigos, cuidadores, terapistas, enfermeras,<a href=\"http:\/\/vidaindependientemexico.com\/?page_id=220\" class=\"read-more\">Read More<\/a><\/p>\n","protected":false},"author":3,"featured_media":3662,"parent":173,"menu_order":0,"comment_status":"closed","ping_status":"closed","template":"","meta":{"ngg_post_thumbnail":0,"footnotes":""},"class_list":["post-220","page","type-page","status-publish","has-post-thumbnail","hentry"],"_links":{"self":[{"href":"http:\/\/vidaindependientemexico.com\/index.php?rest_route=\/wp\/v2\/pages\/220"}],"collection":[{"href":"http:\/\/vidaindependientemexico.com\/index.php?rest_route=\/wp\/v2\/pages"}],"about":[{"href":"http:\/\/vidaindependientemexico.com\/index.php?rest_route=\/wp\/v2\/types\/page"}],"author":[{"embeddable":true,"href":"http:\/\/vidaindependientemexico.com\/index.php?rest_route=\/wp\/v2\/users\/3"}],"replies":[{"embeddable":true,"href":"http:\/\/vidaindependientemexico.com\/index.php?rest_route=%2Fwp%2Fv2%2Fcomments&post=220"}],"version-history":[{"count":34,"href":"http:\/\/vidaindependientemexico.com\/index.php?rest_route=\/wp\/v2\/pages\/220\/revisions"}],"predecessor-version":[{"id":4297,"href":"http:\/\/vidaindependientemexico.com\/index.php?rest_route=\/wp\/v2\/pages\/220\/revisions\/4297"}],"up":[{"embeddable":true,"href":"http:\/\/vidaindependientemexico.com\/index.php?rest_route=\/wp\/v2\/pages\/173"}],"wp:featuredmedia":[{"embeddable":true,"href":"http:\/\/vidaindependientemexico.com\/index.php?rest_route=\/wp\/v2\/media\/3662"}],"wp:attachment":[{"href":"http:\/\/vidaindependientemexico.com\/index.php?rest_route=%2Fwp%2Fv2%2Fmedia&parent=220"}],"curies":[{"name":"wp","href":"https:\/\/api.w.org\/{rel}","templated":true}]}}