{"id":272,"date":"2012-01-09T23:55:01","date_gmt":"2012-01-09T23:55:01","guid":{"rendered":"http:\/\/vidaindependientemexico.com\/?page_id=272"},"modified":"2020-09-30T04:08:35","modified_gmt":"2020-09-30T04:08:35","slug":"programa-de-inclusion-laboral-y-educativo-insercion-laboral-yo-educativa","status":"publish","type":"page","link":"http:\/\/vidaindependientemexico.com\/?page_id=272","title":{"rendered":"Programa de inclusi\u00f3n laboral y educativa"},"content":{"rendered":"<p><a href=\"http:\/\/vidaindependientemexico.com\/wp-content\/uploads\/2012\/01\/IMG_3672.jpg\" target=\"_blank\" rel=\"noopener noreferrer\"><img loading=\"lazy\" decoding=\"async\" class=\"alignleft wp-image-2866\" src=\"http:\/\/vidaindependientemexico.com\/wp-content\/uploads\/2012\/01\/IMG_3672-744x1024.jpg\" alt=\"\" width=\"393\" height=\"542\" srcset=\"http:\/\/vidaindependientemexico.com\/wp-content\/uploads\/2012\/01\/IMG_3672-744x1024.jpg 744w, http:\/\/vidaindependientemexico.com\/wp-content\/uploads\/2012\/01\/IMG_3672-218x300.jpg 218w, http:\/\/vidaindependientemexico.com\/wp-content\/uploads\/2012\/01\/IMG_3672-768x1058.jpg 768w, http:\/\/vidaindependientemexico.com\/wp-content\/uploads\/2012\/01\/IMG_3672.jpg 1718w\" sizes=\"(max-width: 393px) 100vw, 393px\" \/><\/a><\/p>\n<p style=\"text-align: justify;\"><span style=\"color: #000000;\">Vida Independiente, Fundaci\u00f3n Mexicana&nbsp;y <span style=\"color: #000000;\">FHADI<\/span> forman una Alianza para unir esfuerzos y atender profesionalmente a un mayor n\u00famero de personas a trav\u00e9s del Programa de inclusi\u00f3n laboral.<\/span><\/p>\n<p style=\"text-align: justify;\"><span style=\"color: #000000;\">Se trata de un esfuerzo \u00fanico en M\u00e9xico, para ofrecer calidad de vida y un servicio integral de rehabilitaci\u00f3n f\u00edsica y psicol\u00f3gica, enfocado a la inclusi\u00f3n laboral de las y los participantes en el programa con resultados exitosos y tangibles.<\/span><\/p>\n<p style=\"text-align: justify;\"><span style=\"color: #000000;\">Cada a\u00f1o se realizan actividades de regularizaci\u00f3n acad\u00e9mica, capacitaci\u00f3n laboral e inclusi\u00f3n laboral en el que m\u00ednimo 50 personas con discapacidad acceden a estos programas. En 2020, sumar\u00e1n m\u00e1s de 800 personas con discapacidad motriz contratadas en 24 empresas e instituciones como: HSBC, GNP, Aeropuerto de la Cd. de M\u00e9xico, Am\u00e9rican Express, Banamex, Scotiabank, Kidzania, Maxi Gas, Colegio de Semi\u00f3logos, Gobierno de la Ciudad de M\u00e9xico, Pepsico, entre otras.<\/span><\/p>\n<p>&nbsp;<\/p>\n<p>&nbsp;<\/p>\n<hr>\n<p>&nbsp;<\/p>\n<p style=\"text-align: justify;\"><span style=\"color: #000000;\">La capacitaci\u00f3n se basa en 7 principios generales:&nbsp; &nbsp; &nbsp; &nbsp; &nbsp; &nbsp; &nbsp; &nbsp; &nbsp; &nbsp; &nbsp; &nbsp; &nbsp;<\/span><\/p>\n<p style=\"text-align: justify;\"><span style=\"color: #000000;\"><span style=\"color: #000000;\">1\u00ba.-<\/span> Capacitaci\u00f3n en el manejo de la Silla de Ruedas.<\/span><\/p>\n<p style=\"text-align: justify;\"><span style=\"color: #000000;\">Para fortalecer la independencia y autosuficiencia<\/span><\/p>\n<p style=\"text-align: justify;\"><span style=\"color: #000000;\"><span style=\"color: #000000;\">2\u00ba.-<\/span> Rehabilitaci\u00f3n Psicol\u00f3gica<\/span><\/p>\n<p style=\"text-align: justify;\"><span style=\"color: #000000;\">Para crear calidad de vida y salud emocional<\/span><\/p>\n<p style=\"text-align: justify;\"><span style=\"color: #000000;\"><span style=\"color: #000000;\">3\u00ba.-<\/span> Regularizaci\u00f3n acad\u00e9mica<\/span><\/p>\n<p style=\"text-align: justify;\"><span style=\"color: #000000;\">Para obtener secundaria y preparatoria<\/span><\/p>\n<p style=\"text-align: justify;\"><span style=\"color: #000000;\"><span style=\"color: #000000;\">4\u00ba.-<\/span> Capacitaci\u00f3n Laboral<\/span><\/p>\n<p style=\"text-align: justify;\"><span style=\"color: #000000;\">Para acceder con \u00e9xito a la vida laboral<\/span><\/p>\n<p style=\"text-align: justify;\"><span style=\"color: #000000;\"><span style=\"color: #000000;\">5\u00ba.-<\/span> Curso Intensivo de Capacitaci\u00f3n Laboral (CUIC)<\/span><\/p>\n<p style=\"text-align: justify;\"><span style=\"color: #000000;\">Con t\u00e9cnicas de aprendizaje acelerado en 30 d\u00edas de estancia<\/span><\/p>\n<p style=\"text-align: justify;\"><span style=\"color: #000000;\"><span style=\"color: #000000;\">6\u00ba.-<\/span> Proceso de Integraci\u00f3n a la vida productiva<\/span><\/p>\n<p style=\"text-align: justify;\"><span style=\"color: #000000;\">Para facilitar el acceso a empresas incluyentes y el autoempleo y el acceso a empresas incluyentes<\/span><\/p>\n<p style=\"text-align: justify;\"><span style=\"color: #000000;\"><span style=\"color: #000000;\">7\u00ba.-<\/span> Seguimiento laboral<\/span><\/p>\n<p style=\"text-align: justify;\"><span style=\"color: #000000;\">Para garantizar mejores resultados de integraci\u00f3n laboral e inclusi\u00f3n social.<\/span><\/p>\n<p style=\"text-align: justify;\"><span style=\"color: #000000;\">Los participantes que se han incluido a la vida laboral, gozan de una vida plena con responsabilidad y contribuyen a la econom\u00eda familiar y nacional<\/span><\/p>\n<hr>\n<p><img loading=\"lazy\" decoding=\"async\" class=\"aligncenter wp-image-3708 size-full\" src=\"http:\/\/vidaindependientemexico.com\/wp-content\/uploads\/2019\/01\/4.jpg\" alt=\"\" width=\"960\" height=\"515\" srcset=\"http:\/\/vidaindependientemexico.com\/wp-content\/uploads\/2019\/01\/4.jpg 960w, http:\/\/vidaindependientemexico.com\/wp-content\/uploads\/2019\/01\/4-300x161.jpg 300w, http:\/\/vidaindependientemexico.com\/wp-content\/uploads\/2019\/01\/4-768x412.jpg 768w\" sizes=\"(max-width: 960px) 100vw, 960px\" \/><\/p>\n","protected":false},"excerpt":{"rendered":"<p>Vida Independiente, Fundaci\u00f3n Mexicana&nbsp;y FHADI forman una Alianza para unir esfuerzos y atender profesionalmente a un mayor n\u00famero de personas a trav\u00e9s del Programa de inclusi\u00f3n laboral. Se trata de un esfuerzo \u00fanico en M\u00e9xico, para ofrecer calidad de vida y un servicio integral de rehabilitaci\u00f3n f\u00edsica y psicol\u00f3gica, enfocado<a href=\"http:\/\/vidaindependientemexico.com\/?page_id=272\" class=\"read-more\">Read More<\/a><\/p>\n","protected":false},"author":3,"featured_media":3268,"parent":261,"menu_order":0,"comment_status":"closed","ping_status":"open","template":"","meta":{"ngg_post_thumbnail":0,"footnotes":""},"class_list":["post-272","page","type-page","status-publish","has-post-thumbnail","hentry"],"_links":{"self":[{"href":"http:\/\/vidaindependientemexico.com\/index.php?rest_route=\/wp\/v2\/pages\/272"}],"collection":[{"href":"http:\/\/vidaindependientemexico.com\/index.php?rest_route=\/wp\/v2\/pages"}],"about":[{"href":"http:\/\/vidaindependientemexico.com\/index.php?rest_route=\/wp\/v2\/types\/page"}],"author":[{"embeddable":true,"href":"http:\/\/vidaindependientemexico.com\/index.php?rest_route=\/wp\/v2\/users\/3"}],"replies":[{"embeddable":true,"href":"http:\/\/vidaindependientemexico.com\/index.php?rest_route=%2Fwp%2Fv2%2Fcomments&post=272"}],"version-history":[{"count":26,"href":"http:\/\/vidaindependientemexico.com\/index.php?rest_route=\/wp\/v2\/pages\/272\/revisions"}],"predecessor-version":[{"id":4625,"href":"http:\/\/vidaindependientemexico.com\/index.php?rest_route=\/wp\/v2\/pages\/272\/revisions\/4625"}],"up":[{"embeddable":true,"href":"http:\/\/vidaindependientemexico.com\/index.php?rest_route=\/wp\/v2\/pages\/261"}],"wp:featuredmedia":[{"embeddable":true,"href":"http:\/\/vidaindependientemexico.com\/index.php?rest_route=\/wp\/v2\/media\/3268"}],"wp:attachment":[{"href":"http:\/\/vidaindependientemexico.com\/index.php?rest_route=%2Fwp%2Fv2%2Fmedia&parent=272"}],"curies":[{"name":"wp","href":"https:\/\/api.w.org\/{rel}","templated":true}]}}