{"id":4835,"date":"2023-06-27T19:10:04","date_gmt":"2023-06-27T19:10:04","guid":{"rendered":"http:\/\/vidaindependientemexico.com\/?page_id=4835"},"modified":"2023-06-27T19:40:58","modified_gmt":"2023-06-27T19:40:58","slug":"4835-2","status":"publish","type":"page","link":"http:\/\/vidaindependientemexico.com\/?page_id=4835","title":{"rendered":"Aviso de privacidad"},"content":{"rendered":"<h2 style=\"text-align: center;\"><strong>AVISO DE PRIVACIDAD<\/strong><\/h2>\n<p>&nbsp;<\/p>\n<p style=\"text-align: justify;\"><strong>Organizaci\u00f3n Internacional Vida Independiente para Personas con Discapacidad, A.C. <\/strong>es una Organizaci\u00f3n de la Sociedad Civil legalmente constituida de conformidad con las leyes mexicanas, con domicilio ubicado en Calle Balboas No. 85 Colonia Sim\u00f3n Bol\u00edvar, Alcald\u00eda Venustiano Carranza. C.P. 15410 Ciudad de M\u00e9xico Tel\u00e9fonos de oficina 55-41711220 Y 55-55491450, correos electr\u00f3nicos: santiago@vidaindependientemexico.org y organizacion@vidaindependientemexico.org y declara ser la responsable del tratamiento de sus datos personales y datos personales sensibles, as\u00ed como de su uso y protecci\u00f3n de acuerdo con lo previsto en los art\u00edculos 2\u00ba, 6\u00ba, 7\u00ba, 8\u00ba, 11\u00ba, 14\u00ba, 15\u00ba, 16\u00ba, 17\u00ba, 19\u00ba, 29\u00ba, 36\u00ba y dem\u00e1s relativos a la <strong>Ley Federal de Protecci\u00f3n de Datos Personales en Posesi\u00f3n de Particulares<\/strong>.<\/p>\n<p>&nbsp;<\/p>\n<h3><strong>Datos Personales<\/strong><\/h3>\n<p>Recabamos los siguientes datos de forma directa cuando usted mismo nos los proporciona por diversos medios<strong>: <\/strong>Nombre y apellidos, g\u00e9nero, edad, tel\u00e9fono fijo, tel\u00e9fono celular, correo electr\u00f3nico, domicilio, Registro Federal de Contribuyentes (RFC), Clave \u00danica de Registro de Poblaci\u00f3n (CURP), tipo de discapacidad, estado civil, fecha y lugar de nacimiento y situaci\u00f3n laboral.<\/p>\n<p><strong>&nbsp;<\/strong><\/p>\n<h3><strong><span lang=\"ES\">Im\u00e1genes y sonidos recabados por c\u00e1maras de video-vigilancia<\/span><\/strong><\/h3>\n<p style=\"font-weight: 400; text-align: justify;\">Las im\u00e1genes y sonidos que se recaben por medio de c\u00e1maras de Video-Vigilancia ser\u00e1n utilizados para los finesde seguridad espec\u00edficamente, tal como se especifica en el Aviso de Privacidad corto para Video-Vigilancia que podr\u00e1 consultar en el \u00e1rea de Video- Grabaci\u00f3n.<\/p>\n<p>&nbsp;<\/p>\n<h3><strong>Finalidades primarias<\/strong><\/h3>\n<p style=\"text-align: left;\">&#8211; Registrar su identidad cuando usted sea beneficiario de nuestros servicios.<\/p>\n<p style=\"text-align: left;\">&#8211; Tramitar apoyo de donativos siempre y cuando usted est\u00e9 de acuerdo.<\/p>\n<p style=\"text-align: left;\">&#8211; Informarle de cursos, talleres, eventos y donaciones que la Organizaci\u00f3n lleve a cabo.<\/p>\n<p style=\"text-align: left;\">&#8211; Informarle por correo electr\u00f3nico \u00f3 tel\u00e9fono respecto a cualquier evento, talleres, cursos, donativos, entre otros relacionados a los servicios que la Organizaci\u00f3n lleve a cabo en favor de las personas con discapacidad motriz.<\/p>\n<p style=\"text-align: left;\">&#8211; Realizar estudios socioecon\u00f3micos.<\/p>\n<p style=\"text-align: left;\">&#8211; Evaluaciones de calidad en el desempe\u00f1o del personal de la instituci\u00f3n con relaci\u00f3n a nuestros servicios.<\/p>\n<p style=\"text-align: left;\">&#8211; Almacenar sus datos como parte de nuestros expedientes y por as\u00ed requerirlo nuestros donantes.<\/p>\n<p style=\"text-align: left;\">&nbsp;<\/p>\n<h3><strong>Finalidades secundarias<\/strong><\/h3>\n<p><strong>&nbsp;<\/strong>De manera adicional utilizaremos su informaci\u00f3n personal para las siguientes finalidades que no son necesarias para el servicio solicitado, pero que nos permiten y facilitan brindarle una mejor atenci\u00f3n.<\/p>\n<p>&#8211; Encuestas sobre servicios de personas con discapacidad o nuevos programas.<\/p>\n<p>&#8211; Env\u00edo de boletines informativos sobre las actividades que lleva a cabo la Organizaci\u00f3n<\/p>\n<p>Si no quiere recibir este tipo de informaci\u00f3n secundaria tendr\u00e1 la posibilidad de dar de baja su correo dentro del mismo bolet\u00edn recibido.<\/p>\n<p><strong>&nbsp;<\/strong><\/p>\n<h3><strong>Uso de datos sensibles<\/strong><\/h3>\n<p>El uso de datos sensibles se recaban s\u00f3lo si el beneficiario da su consentimiento y son exclusivamente utilizados para la canalizaci\u00f3n y la atenci\u00f3n oportuna del beneficiario.<\/p>\n<p>&nbsp;<\/p>\n<h3><strong>Transferencia de Datos Personales<\/strong><\/h3>\n<p>En ning\u00fan caso los Datos Personales ser\u00e1n transferidos sin su consentimiento ni dentro ni fuera del pa\u00eds a ninguna persona externa a esta Organizaci\u00f3n, no ser\u00e1n tratados para satisfacer finalidades que sean incompatibles a las anteriormente descritas, ni incluir\u00e1 la facultad de transferirlos a terceros que realicen un tratamiento en nombre o por cuenta propios. No se transferir\u00e1n salvo las excepciones previstas en el art\u00edculo 37 de la Ley Federal de Protecci\u00f3n de Datos Personales en Posesi\u00f3n de los Particulares, as\u00ed como a realizar esta transferencia en los t\u00e9rminos que fija esa ley.<\/p>\n<p>En caso de que ocurra una vulneraci\u00f3n de seguridad en cualquier fase del tratamiento de sus datos personales o que usted considere que fueron manipulados tendr\u00e1 el derecho de aplicar sus derechos ARCO de forma inmediata o bien comunicarse directamente a la Organizaci\u00f3n para tomar las medidas necesarias para la defensa de sus datos personales.<\/p>\n<p><strong>Derechos ARCO.- <\/strong>Derechos de acceso, rectificaci\u00f3n, cancelaci\u00f3n y oposici\u00f3n. EL ejercicio de estos derechos es de car\u00e1cter personal por lo que solamente t\u00fa, como titular puedes ejercerlos.<\/p>\n<p><strong>Procedimiento para hacer valer los derechos ARCO.- <\/strong>Usted&nbsp; tiene derecho de acceder a sus datos personales que poseemos y a los detalles del tratamiento de los mismos, as\u00ed como a rectificarlos en caso de ser inexactoso incompletos; cancelarlos cuando considere que no se requieren para alguna de las finalidades se\u00f1alados en el presente aviso de privacidad, est\u00e9n siendo utilizados para finalidades no consentidas o haya finalizado la relaci\u00f3n contractual o de servicio, o bien, oponerse al tratamiento de los mismos para fines espec\u00edficos.<\/p>\n<p>Los mecanismos que se han implementado para el ejercicio de dichos derechos, los cuales se conocen como derechos Arco mismos que se refieren a la rectificaci\u00f3n, cancelaci\u00f3n y oposici\u00f3n del Titular respecto al tratamiento de sus datos personales;<\/p>\n<ul>\n<li>El procedimiento inicia con la presentaci\u00f3n de la solicitud respectiva a los derechos Arco, en el domicilio de nuestra Oficina, mismo que fue debidamente se\u00f1alado al principio del presente aviso de privacidad.<\/li>\n<li>Su solicitud deber\u00e1 contener la siguiente informaci\u00f3n:<\/li>\n<\/ul>\n<p><sub>Nombre del titular de los datos personales., Domicilio o cualquier otro medio de contacto., Documentos que acrediten su personalidad e identidad. La descripci\u00f3n clara y precisa de los datos personales., Cualquier otro documento que facilite la localizaci\u00f3n de los datos.<\/sub><\/p>\n<ul>\n<li>El plazo para atender su solicitud es el siguiente: 10 d\u00edas h\u00e1biles.<\/li>\n<\/ul>\n<p><strong>Consentimiento T\u00e1cito. C<\/strong>uando habi\u00e9ndose puesto a su disposici\u00f3n el Aviso de Privacidad, no manifieste su oposici\u00f3n, sus datos ser\u00e1n considerados para uso en las finalidades antes mencionadas.<\/p>\n<p>&nbsp;<\/p>\n<h3 style=\"font-weight: 400;\"><strong>Modificaciones al Aviso de Privacidad<\/strong><\/h3>\n<p style=\"font-weight: 400;\">Nos reservamos el derecho de efectuar en cualquier momento modificaciones o actualizaciones al presente aviso de privacidad, para la atenci\u00f3n de novedades legislativas, pol\u00edticas internas o nuevos requerimientos para la prestaci\u00f3n u ofrecimiento de nuestros servicios.<\/p>\n<p style=\"font-weight: 400;\">Por lo que se obliga a mantener actualizado el presente aviso, para su consulta. Esto con el fin de que se encuentre en posibilidad de ejercer sus derechos ARCO y de esta forma mantenerlo al tanto de cualquiermodificaci\u00f3n mediante aviso al \u00faltimo correo electr\u00f3nico que nos haya proporcionado.<\/p>\n<p style=\"font-weight: 400;\">En consiguiente, por medio del presente, la Organizaci\u00f3n Internacional Vida Independiente para Personas con Discapacidad, A.C. le solicita consentir al Tratamiento de dichos datos personales marcando la siguiente casilla:<\/p>\n<p style=\"font-weight: 400;\">&nbsp;<\/p>\n<p style=\"font-weight: 400;\">[&nbsp;&nbsp; ]&nbsp;&nbsp;&nbsp;<em>Autorizo expresamente a Organizaci\u00f3n Internacional Vida Independiente para Personas con Discapacidad, A.C. a tratar mis datos personales seg\u00fan lo dispuesto en el presente Aviso de Privacidad.<\/em><\/p>\n","protected":false},"excerpt":{"rendered":"<p>AVISO DE PRIVACIDAD &nbsp; Organizaci\u00f3n Internacional Vida Independiente para Personas con Discapacidad, A.C. es una Organizaci\u00f3n de la Sociedad Civil legalmente constituida de conformidad con las leyes mexicanas, con domicilio ubicado en Calle Balboas No. 85 Colonia Sim\u00f3n Bol\u00edvar, Alcald\u00eda Venustiano Carranza. C.P. 15410 Ciudad de M\u00e9xico Tel\u00e9fonos de oficina<a href=\"http:\/\/vidaindependientemexico.com\/?page_id=4835\" class=\"read-more\">Read More<\/a><\/p>\n","protected":false},"author":3,"featured_media":0,"parent":0,"menu_order":0,"comment_status":"closed","ping_status":"closed","template":"","meta":{"ngg_post_thumbnail":0,"footnotes":""},"class_list":["post-4835","page","type-page","status-publish","hentry"],"_links":{"self":[{"href":"http:\/\/vidaindependientemexico.com\/index.php?rest_route=\/wp\/v2\/pages\/4835"}],"collection":[{"href":"http:\/\/vidaindependientemexico.com\/index.php?rest_route=\/wp\/v2\/pages"}],"about":[{"href":"http:\/\/vidaindependientemexico.com\/index.php?rest_route=\/wp\/v2\/types\/page"}],"author":[{"embeddable":true,"href":"http:\/\/vidaindependientemexico.com\/index.php?rest_route=\/wp\/v2\/users\/3"}],"replies":[{"embeddable":true,"href":"http:\/\/vidaindependientemexico.com\/index.php?rest_route=%2Fwp%2Fv2%2Fcomments&post=4835"}],"version-history":[{"count":4,"href":"http:\/\/vidaindependientemexico.com\/index.php?rest_route=\/wp\/v2\/pages\/4835\/revisions"}],"predecessor-version":[{"id":4842,"href":"http:\/\/vidaindependientemexico.com\/index.php?rest_route=\/wp\/v2\/pages\/4835\/revisions\/4842"}],"wp:attachment":[{"href":"http:\/\/vidaindependientemexico.com\/index.php?rest_route=%2Fwp%2Fv2%2Fmedia&parent=4835"}],"curies":[{"name":"wp","href":"https:\/\/api.w.org\/{rel}","templated":true}]}}